{"version":"1.0","provider_name":"GTLawyers | Escrit\u00f3rio boutique full-service","provider_url":"https:\/\/www.gtlawyers.com.br\/fr","title":"Proposta de altera\u00e7\u00e3o \u00e0 legisla\u00e7\u00e3o tribut\u00e1ria federal | GTLawyers | Escrit\u00f3rio boutique full-service","type":"rich","width":600,"height":338,"html":"<blockquote class=\"wp-embedded-content\" data-secret=\"yjqZXUmBRp\"><a href=\"https:\/\/www.gtlawyers.com.br\/fr\/noticia\/proposta-de-alteracao-a-legislacao-tributaria-federal\/\">Proposta de altera\u00e7\u00e3o \u00e0 legisla\u00e7\u00e3o tribut\u00e1ria federal<\/a><\/blockquote><iframe sandbox=\"allow-scripts\" security=\"restricted\" src=\"https:\/\/www.gtlawyers.com.br\/fr\/noticia\/proposta-de-alteracao-a-legislacao-tributaria-federal\/embed\/#?secret=yjqZXUmBRp\" width=\"600\" height=\"338\" title=\"\u00ab\u00a0Proposta de altera\u00e7\u00e3o \u00e0 legisla\u00e7\u00e3o tribut\u00e1ria federal\u00a0\u00bb &#8212; GTLawyers | Escrit\u00f3rio boutique full-service\" data-secret=\"yjqZXUmBRp\" frameborder=\"0\" marginwidth=\"0\" marginheight=\"0\" scrolling=\"no\" class=\"wp-embedded-content\"><\/iframe><script type=\"text\/javascript\">\n\/* <![CDATA[ *\/\n\/*! This file is auto-generated *\/\n!function(d,l){\"use strict\";l.querySelector&&d.addEventListener&&\"undefined\"!=typeof URL&&(d.wp=d.wp||{},d.wp.receiveEmbedMessage||(d.wp.receiveEmbedMessage=function(e){var t=e.data;if((t||t.secret||t.message||t.value)&&!\/[^a-zA-Z0-9]\/.test(t.secret)){for(var s,r,n,a=l.querySelectorAll('iframe[data-secret=\"'+t.secret+'\"]'),o=l.querySelectorAll('blockquote[data-secret=\"'+t.secret+'\"]'),c=new RegExp(\"^https?:$\",\"i\"),i=0;i<o.length;i++)o[i].style.display=\"none\";for(i=0;i<a.length;i++)s=a[i],e.source===s.contentWindow&&(s.removeAttribute(\"style\"),\"height\"===t.message?(1e3<(r=parseInt(t.value,10))?r=1e3:~~r<200&&(r=200),s.height=r):\"link\"===t.message&&(r=new URL(s.getAttribute(\"src\")),n=new URL(t.value),c.test(n.protocol))&&n.host===r.host&&l.activeElement===s&&(d.top.location.href=t.value))}},d.addEventListener(\"message\",d.wp.receiveEmbedMessage,!1),l.addEventListener(\"DOMContentLoaded\",function(){for(var e,t,s=l.querySelectorAll(\"iframe.wp-embedded-content\"),r=0;r<s.length;r++)(t=(e=s[r]).getAttribute(\"data-secret\"))||(t=Math.random().toString(36).substring(2,12),e.src+=\"#?secret=\"+t,e.setAttribute(\"data-secret\",t)),e.contentWindow.postMessage({message:\"ready\",secret:t},\"*\")},!1)))}(window,document);\n\/\/# sourceURL=https:\/\/www.gtlawyers.com.br\/site\/wp-includes\/js\/wp-embed.min.js\n\/* ]]> *\/\n<\/script>","thumbnail_url":"https:\/\/www.gtlawyers.com.br\/site\/wp-content\/uploads\/d6297d_b1e9a64b32d04cd5b1cce3eae4a4d351_mv2.webp","thumbnail_width":360,"thumbnail_height":240,"description":"Prezados, Como j\u00e1 noticiado pela imprensa, na semana passada o Governo Federal apresentou proposta de altera\u00e7\u00e3o \u00e0 legisla\u00e7\u00e3o tribut\u00e1ria federal, que foi intitulada, de forma exagerada, de \u201creforma tribut\u00e1ria\u201d. A verdade \u00e9 que n\u00e3o h\u00e1 absolutamente nenhuma reforma tribut\u00e1ria, apenas altera\u00e7\u00f5es (redu\u00e7\u00f5es e majora\u00e7\u00f5es) de tributos de compet\u00eancia da Uni\u00e3o, sem qualquer altera\u00e7\u00e3o substancial no [&hellip;]"}