{"id":2038,"date":"2025-10-27T18:32:49","date_gmt":"2025-10-27T21:32:49","guid":{"rendered":"https:\/\/www.gtlawyers.com.br\/?page_id=2038"},"modified":"2025-11-11T15:25:28","modified_gmt":"2025-11-11T18:25:28","slug":"responsabilidade-socioambiental","status":"publish","type":"page","link":"https:\/\/www.gtlawyers.com.br\/fr\/responsabilidade-socioambiental\/","title":{"rendered":"Responsabilit\u00e9 Sociale et Environnementale"},"content":{"rendered":"<p><strong>Chez GTLawyers, nous croyons que notre r\u00f4le va bien au-del\u00e0 de la sph\u00e8re juridique.<\/strong><br>Nous sommes activement engag\u00e9s dans la promotion d\u2019actions qui contribuent \u00e0 une soci\u00e9t\u00e9 plus juste et durable, en int\u00e9grant la responsabilit\u00e9 sociale et environnementale au c\u0153ur de notre culture et de nos pratiques quotidiennes.<\/p>\n\n\n\n<div style=\"height:33px\" aria-hidden=\"true\" class=\"wp-block-spacer\"><\/div>\n\n\n\n<h3 class=\"wp-block-heading\"><strong>Notre engagement se d\u00e9cline en quatre piliers principaux :<\/strong><\/h3>\n\n\n\n<div style=\"height:33px\" aria-hidden=\"true\" class=\"wp-block-spacer\"><\/div>\n\n\n\n<h4 class=\"wp-block-heading\"><strong>1. Pro Bono<\/strong><\/h4>\n\n\n\n<p>Pour nous, la justice est un droit fondamental, qui doit \u00eatre accessible \u00e0 tous. C\u2019est pourquoi GTLawyers est fier de contribuer \u00e0 des initiatives pro bono qui ont un impact positif dans notre communaut\u00e9.<\/p>\n\n\n\n<ul class=\"wp-block-list\">\n<li><strong>Assistance juridique pour des initiatives de sant\u00e9 publique (\"Jornada da Sa\u00fade\")<\/strong><br>Nous offrons notre expertise juridique pour accompagner la \"Jornada da Sant\u00e9\", un projet universitaire qui vise \u00e0 promouvoir la sant\u00e9 et le bien-\u00eatre dans les communaut\u00e9s d\u00e9favoris\u00e9es.<\/li>\n\n\n\n<li><strong>Soutien au comit\u00e9 juridique de S\u00e3o Paulo Accueil :<\/strong><br>S\u00e3o Paulo Accueil, association d\u00e9di\u00e9e \u00e0 l\u2019accueil des expatri\u00e9s francophones, b\u00e9n\u00e9ficie de l\u2019accompagnement juridique de GTLawyers via son comit\u00e9 sp\u00e9cialis\u00e9. Cela inclut l\u2019appui au comit\u00e9 fiscal, ax\u00e9 sur l\u2019aide \u00e0 l\u2019int\u00e9gration sociale des familles expatri\u00e9es, ainsi que des actions caritatives telles que le soutien \u00e9ducatif aux enfants et l\u2019organisation d\u2019\u00e9v\u00e9nements de collecte de fonds.<\/li>\n\n\n\n<li><strong>Participation active \u00e0 l\u2019association \u00ab\u00a0La Bienfaisance\u00a0\u00bb:<\/strong><br>Tamy Tanzilli, notre associ\u00e9e\u2011fondatrice, exerce les fonctions de Directrice juridique de \u00ab\u00a0La Bienfaisance\u00a0\u00bb. Cette organisation fran\u00e7aise \u00e0 but non lucratif est d\u00e9di\u00e9e \u00e0 l\u2019assistance sociale et au soutien de personnes en situation de vuln\u00e9rabilit\u00e9 dans la r\u00e9gion de S\u00e3o Paulo, tout en promouvant la solidarit\u00e9 au sein de la communaut\u00e9 fran\u00e7aise locale.<\/li>\n\n\n\n<li><strong>Leadership au sein des communaut\u00e9s d\u2019affaires :<\/strong><br>Tamy exerce \u00e9galement la fonction de Directrice PME \u00e0 la Chambre de commerce France\u2011Br\u00e9sil (CCIFB) \u00e0 S\u00e3o Paulo, renfor\u00e7ant notre engagement aupr\u00e8s des communaut\u00e9s locales et internationales. En outre, C\u00e9cile Rysman occupe le poste de Directrice juridique \u00e0 la Chambre de commerce Belgique\u2011Luxembourg au Br\u00e9sil.<\/li>\n<\/ul>\n\n\n\n<div style=\"height:33px\" aria-hidden=\"true\" class=\"wp-block-spacer\"><\/div>\n\n\n\n<h4 class=\"wp-block-heading\"><strong>2. Volontariat<\/strong><\/h4>\n\n\n\n<div class=\"wp-block-media-text has-media-on-the-right is-stacked-on-mobile\"><div class=\"wp-block-media-text__content\">\n<p><strong>Volontariat et soutien \u00e0 des orphelinats locaux :<\/strong><br>Nos \u00e9quipes s\u2019impliquent activement aupr\u00e8s du Lar Batista, \u00e0 travers des initiatives concr\u00e8tes et porteuses de transformation. Nous organisons des campagnes de collecte de v\u00eatements et d\u2019articles essentiels et menons des \u00e9v\u00e9nements qui apportent des moments de joie et de solidarit\u00e9 aux enfants, renfor\u00e7ant le sentiment d\u2019attention et de soutien.<\/p>\n<\/div><figure class=\"wp-block-media-text__media\"><img loading=\"lazy\" decoding=\"async\" width=\"1024\" height=\"782\" src=\"https:\/\/www.gtlawyers.com.br\/site\/wp-content\/uploads\/WhatsApp-Image-2025-10-27-at-18.07.27-1024x782.jpeg\" alt=\"\" class=\"wp-image-2045 size-full\" srcset=\"https:\/\/www.gtlawyers.com.br\/site\/wp-content\/uploads\/WhatsApp-Image-2025-10-27-at-18.07.27-1024x782.jpeg 1024w, https:\/\/www.gtlawyers.com.br\/site\/wp-content\/uploads\/WhatsApp-Image-2025-10-27-at-18.07.27-300x229.jpeg 300w, https:\/\/www.gtlawyers.com.br\/site\/wp-content\/uploads\/WhatsApp-Image-2025-10-27-at-18.07.27-150x115.jpeg 150w, https:\/\/www.gtlawyers.com.br\/site\/wp-content\/uploads\/WhatsApp-Image-2025-10-27-at-18.07.27-768x587.jpeg 768w, https:\/\/www.gtlawyers.com.br\/site\/wp-content\/uploads\/WhatsApp-Image-2025-10-27-at-18.07.27-16x12.jpeg 16w, https:\/\/www.gtlawyers.com.br\/site\/wp-content\/uploads\/WhatsApp-Image-2025-10-27-at-18.07.27.jpeg 1280w\" sizes=\"auto, (max-width: 1024px) 100vw, 1024px\" \/><\/figure><\/div>\n\n\n\n<p><\/p>\n\n\n\n<div class=\"wp-block-media-text is-stacked-on-mobile\"><figure class=\"wp-block-media-text__media\"><img loading=\"lazy\" decoding=\"async\" width=\"1024\" height=\"768\" src=\"https:\/\/www.gtlawyers.com.br\/site\/wp-content\/uploads\/doacao-1024x768.jpg\" alt=\"\" class=\"wp-image-1717 size-full\" srcset=\"https:\/\/www.gtlawyers.com.br\/site\/wp-content\/uploads\/doacao-1024x768.jpg 1024w, https:\/\/www.gtlawyers.com.br\/site\/wp-content\/uploads\/doacao-300x225.jpg 300w, https:\/\/www.gtlawyers.com.br\/site\/wp-content\/uploads\/doacao-150x113.jpg 150w, https:\/\/www.gtlawyers.com.br\/site\/wp-content\/uploads\/doacao-768x576.jpg 768w, https:\/\/www.gtlawyers.com.br\/site\/wp-content\/uploads\/doacao-1536x1152.jpg 1536w, https:\/\/www.gtlawyers.com.br\/site\/wp-content\/uploads\/doacao-16x12.jpg 16w, https:\/\/www.gtlawyers.com.br\/site\/wp-content\/uploads\/doacao.jpg 1600w\" sizes=\"auto, (max-width: 1024px) 100vw, 1024px\" \/><\/figure><div class=\"wp-block-media-text__content\">\n<p><strong>Don \u00e0 l'Association Exercito da Salva\u00e7\u00e3o<\/strong><br>GTLawyers soutient cette initiative par des dons de v\u00eatements et d\u2019\u00e9quipements \u00e9lectroniques, contribuant \u00e0 leur r\u00e9utilisation et \u00e0 l\u2019assistance de personnes en situation de vuln\u00e9rabilit\u00e9.<\/p>\n<\/div><\/div>\n\n\n\n<p>Ces engagements refl\u00e8tent notre mission : mettre nos comp\u00e9tences et nos ressources au service d\u2019une justice qui a un v\u00e9ritable impact positif sur la vie des personnes qui nous entourent.<\/p>\n\n\n\n<div style=\"height:33px\" aria-hidden=\"true\" class=\"wp-block-spacer\"><\/div>\n\n\n\n<h4 class=\"wp-block-heading\"><strong>3. Diversit\u00e9 et inclusion<\/strong><\/h4>\n\n\n\n<p>La diversit\u00e9 et l\u2019inclusion sont des piliers fondamentaux qui guident nos actions chez GTLawyers. Nous savons que c\u2019est en cr\u00e9ant un environnement o\u00f9 chacun se sent valoris\u00e9 que nous atteignons la v\u00e9ritable excellence. Parmi nos initiatives :<\/p>\n\n\n\n<div style=\"height:26px\" aria-hidden=\"true\" class=\"wp-block-spacer\"><\/div>\n\n\n\n<div class=\"wp-block-media-text has-media-on-the-right is-stacked-on-mobile is-vertically-aligned-top\" style=\"grid-template-columns:auto 28%\"><div class=\"wp-block-media-text__content\">\n<div class=\"wp-block-group is-layout-flex wp-block-group-is-layout-flex\">\n<p><strong>Leadership f\u00e9minin :<\/strong><br>Plus de 60 % des postes de direction chez GTLawyers sont occup\u00e9s par des femmes talentueuses. Nous croyons fermement en l\u2019\u00e9quit\u00e9 et au r\u00f4le essentiel des femmes dans la transformation de notre secteur et de la soci\u00e9t\u00e9.<\/p>\n\n\n\n<hr class=\"wp-block-separator has-alpha-channel-opacity\"\/>\n<\/div>\n<\/div><figure class=\"wp-block-media-text__media\"><img loading=\"lazy\" decoding=\"async\" width=\"661\" height=\"1024\" src=\"https:\/\/www.gtlawyers.com.br\/site\/wp-content\/uploads\/0f2da161-afa6-44bd-b10b-4907bdfa252a-4-661x1024.jpg\" alt=\"\" class=\"wp-image-2049 size-full\" srcset=\"https:\/\/www.gtlawyers.com.br\/site\/wp-content\/uploads\/0f2da161-afa6-44bd-b10b-4907bdfa252a-4-661x1024.jpg 661w, https:\/\/www.gtlawyers.com.br\/site\/wp-content\/uploads\/0f2da161-afa6-44bd-b10b-4907bdfa252a-4-194x300.jpg 194w, https:\/\/www.gtlawyers.com.br\/site\/wp-content\/uploads\/0f2da161-afa6-44bd-b10b-4907bdfa252a-4-97x150.jpg 97w, https:\/\/www.gtlawyers.com.br\/site\/wp-content\/uploads\/0f2da161-afa6-44bd-b10b-4907bdfa252a-4-768x1190.jpg 768w, https:\/\/www.gtlawyers.com.br\/site\/wp-content\/uploads\/0f2da161-afa6-44bd-b10b-4907bdfa252a-4-8x12.jpg 8w, https:\/\/www.gtlawyers.com.br\/site\/wp-content\/uploads\/0f2da161-afa6-44bd-b10b-4907bdfa252a-4.jpg 826w\" sizes=\"auto, (max-width: 661px) 100vw, 661px\" \/><\/figure><\/div>\n\n\n\n<hr class=\"wp-block-separator has-alpha-channel-opacity\"\/>\n\n\n\n<div class=\"wp-block-columns is-layout-flex wp-container-core-columns-is-layout-9d6595d7 wp-block-columns-is-layout-flex\">\n<div class=\"wp-block-column is-vertically-aligned-top is-layout-flow wp-block-column-is-layout-flow\">\n<div class=\"wp-block-media-text has-media-on-the-right is-stacked-on-mobile is-vertically-aligned-top\" style=\"grid-template-columns:auto 29%\"><div class=\"wp-block-media-text__content\">\n<div class=\"wp-block-group is-nowrap is-layout-flex wp-container-core-group-is-layout-ad2f72ca wp-block-group-is-layout-flex\">\n<p><strong>Pet Day mensuel :<\/strong><br>Une fois par mois, nos bureaux accueillent nos collaborateurs et leurs animaux de compagnie. Cette initiative favorise un environnement de travail chaleureux et attentif au bien\u2011\u00eatre physique et \u00e9motionnel de chacun.<\/p>\n\n\n\n<hr class=\"wp-block-separator has-alpha-channel-opacity\"\/>\n<\/div>\n<\/div><figure class=\"wp-block-media-text__media\"><img loading=\"lazy\" decoding=\"async\" width=\"665\" height=\"1024\" src=\"https:\/\/www.gtlawyers.com.br\/site\/wp-content\/uploads\/WhatsApp-Image-2025-10-27-at-17.54.46-1-665x1024.jpeg\" alt=\"\" class=\"wp-image-2048 size-full\" srcset=\"https:\/\/www.gtlawyers.com.br\/site\/wp-content\/uploads\/WhatsApp-Image-2025-10-27-at-17.54.46-1-665x1024.jpeg 665w, https:\/\/www.gtlawyers.com.br\/site\/wp-content\/uploads\/WhatsApp-Image-2025-10-27-at-17.54.46-1-195x300.jpeg 195w, https:\/\/www.gtlawyers.com.br\/site\/wp-content\/uploads\/WhatsApp-Image-2025-10-27-at-17.54.46-1-97x150.jpeg 97w, https:\/\/www.gtlawyers.com.br\/site\/wp-content\/uploads\/WhatsApp-Image-2025-10-27-at-17.54.46-1-768x1183.jpeg 768w, https:\/\/www.gtlawyers.com.br\/site\/wp-content\/uploads\/WhatsApp-Image-2025-10-27-at-17.54.46-1-8x12.jpeg 8w, https:\/\/www.gtlawyers.com.br\/site\/wp-content\/uploads\/WhatsApp-Image-2025-10-27-at-17.54.46-1.jpeg 831w\" sizes=\"auto, (max-width: 665px) 100vw, 665px\" \/><\/figure><\/div>\n<\/div>\n<\/div>\n\n\n\n<div style=\"height:33px\" aria-hidden=\"true\" class=\"wp-block-spacer\"><\/div>\n\n\n\n<h4 class=\"wp-block-heading\"><strong>4. Pratiques \u00e9cologiques<\/strong><\/h4>\n\n\n\n<p>Nous avons adopt\u00e9 plusieurs mesures pour r\u00e9duire notre impact environnemental, notamment :<\/p>\n\n\n\n<ul class=\"wp-block-list\">\n<li>suppression des plastiques dans nos bureaux ;<\/li>\n\n\n\n<li>utilisation de papier recycl\u00e9 dans nos pratiques quotidiennes.<\/li>\n<\/ul>\n\n\n\n<div class=\"wp-block-media-text is-stacked-on-mobile\" style=\"grid-template-columns:46% auto\"><figure class=\"wp-block-media-text__media\"><img loading=\"lazy\" decoding=\"async\" width=\"1024\" height=\"768\" src=\"https:\/\/www.gtlawyers.com.br\/site\/wp-content\/uploads\/dai-verdee-1024x768.jpg\" alt=\"\" class=\"wp-image-2080 size-full\" srcset=\"https:\/\/www.gtlawyers.com.br\/site\/wp-content\/uploads\/dai-verdee-1024x768.jpg 1024w, https:\/\/www.gtlawyers.com.br\/site\/wp-content\/uploads\/dai-verdee-300x225.jpg 300w, https:\/\/www.gtlawyers.com.br\/site\/wp-content\/uploads\/dai-verdee-150x113.jpg 150w, https:\/\/www.gtlawyers.com.br\/site\/wp-content\/uploads\/dai-verdee-768x576.jpg 768w, https:\/\/www.gtlawyers.com.br\/site\/wp-content\/uploads\/dai-verdee-16x12.jpg 16w, https:\/\/www.gtlawyers.com.br\/site\/wp-content\/uploads\/dai-verdee.jpg 1280w\" sizes=\"auto, (max-width: 1024px) 100vw, 1024px\" \/><\/figure><div class=\"wp-block-media-text__content\">\n<p>Nous organisons \u00e9galement le \u00ab\u00a0Dia Verde\u00a0\u00bb, un \u00e9v\u00e9nement sp\u00e9cial qui mobilise toute notre \u00e9quipe autour d\u2019une cause essentielle : la pr\u00e9servation de l\u2019environnement. \u00c0 cette occasion, nous avons plant\u00e9 45 arbres indig\u00e8nes dans une propri\u00e9t\u00e9 rurale \u00e0 Itu. Cette initiative a \u00e9t\u00e9 bien plus qu\u2019un geste symbolique : elle a sensibilis\u00e9 notre \u00e9quipe \u00e0 l\u2019importance du reboisement et \u00e0 l\u2019impact positif que chacun peut g\u00e9n\u00e9rer pour la protection de notre \u00e9cosyst\u00e8me.<\/p>\n<\/div><\/div>\n\n\n\n<div style=\"height:33px\" aria-hidden=\"true\" class=\"wp-block-spacer\"><\/div>\n\n\n\n<h3 class=\"wp-block-heading\"><strong>Un engagement pour une culture tourn\u00e9e vers l\u2019avenir<\/strong><\/h3>\n\n\n\n<p>Chez GTLawyers, nous comprenons que la diversit\u00e9, l\u2019inclusion et la durabilit\u00e9 ne sont pas des tendances passag\u00e8res, mais des n\u00e9cessit\u00e9s pour construire un avenir meilleur. Ensemble, nous mettons en \u0153uvre des actions qui d\u00e9passent la sph\u00e8re juridique, faisant de nous un acteur engag\u00e9 pour une soci\u00e9t\u00e9 o\u00f9 chacun peut pleinement s\u2019\u00e9panouir.<\/p>","protected":false},"excerpt":{"rendered":"<p>Na GTLawyers, acreditamos que nosso papel vai muito al\u00e9m da esfera jur\u00eddica.Estamos comprometidos ativamente com a promo\u00e7\u00e3o de a\u00e7\u00f5es que contribuam para uma sociedade mais justa e sustent\u00e1vel, integrando a responsabilidade social e ambiental no cerne de nossa cultura e de nossas pr\u00e1ticas di\u00e1rias. Nosso compromisso se reflete em quatro pilares principais: 1. Pro Bono [&hellip;]<\/p>\n","protected":false},"author":8,"featured_media":0,"parent":0,"menu_order":0,"comment_status":"closed","ping_status":"closed","template":"","meta":{"_acf_changed":false,"footnotes":""},"class_list":["post-2038","page","type-page","status-publish","hentry"],"acf":[],"yoast_head":"<!-- This site is optimized with the Yoast SEO plugin v27.4 - https:\/\/yoast.com\/product\/yoast-seo-wordpress\/ -->\n<title>Responsabilidade Socioambiental | GTLawyers | Escrit\u00f3rio boutique full-service<\/title>\n<meta name=\"robots\" content=\"index, follow, max-snippet:-1, max-image-preview:large, max-video-preview:-1\" \/>\n<link rel=\"canonical\" href=\"https:\/\/www.gtlawyers.com.br\/fr\/responsabilidade-socioambiental\/\" \/>\n<meta property=\"og:locale\" content=\"fr_FR\" \/>\n<meta property=\"og:type\" content=\"article\" \/>\n<meta property=\"og:title\" content=\"Responsabilidade Socioambiental | GTLawyers | Escrit\u00f3rio boutique full-service\" \/>\n<meta property=\"og:description\" content=\"Na GTLawyers, acreditamos que nosso papel vai muito al\u00e9m da esfera jur\u00eddica.Estamos comprometidos ativamente com a promo\u00e7\u00e3o de a\u00e7\u00f5es que contribuam para uma sociedade mais justa e sustent\u00e1vel, integrando a responsabilidade social e ambiental no cerne de nossa cultura e de nossas pr\u00e1ticas di\u00e1rias. Nosso compromisso se reflete em quatro pilares principais: 1. Pro Bono [&hellip;]\" \/>\n<meta property=\"og:url\" content=\"https:\/\/www.gtlawyers.com.br\/fr\/responsabilidade-socioambiental\/\" \/>\n<meta property=\"og:site_name\" content=\"GTLawyers | Escrit\u00f3rio boutique full-service\" \/>\n<meta property=\"article:modified_time\" content=\"2025-11-11T18:25:28+00:00\" \/>\n<meta property=\"og:image\" content=\"https:\/\/www.gtlawyers.com.br\/site\/wp-content\/uploads\/WhatsApp-Image-2025-10-27-at-18.07.27.jpeg\" \/>\n\t<meta property=\"og:image:width\" content=\"1280\" \/>\n\t<meta property=\"og:image:height\" content=\"978\" \/>\n\t<meta property=\"og:image:type\" content=\"image\/jpeg\" \/>\n<meta name=\"twitter:card\" content=\"summary_large_image\" \/>\n<meta name=\"twitter:label1\" content=\"Dur\u00e9e de lecture estim\u00e9e\" \/>\n\t<meta name=\"twitter:data1\" content=\"5 minutes\" \/>\n<script type=\"application\/ld+json\" class=\"yoast-schema-graph\">{\"@context\":\"https:\\\/\\\/schema.org\",\"@graph\":[{\"@type\":\"WebPage\",\"@id\":\"https:\\\/\\\/www.gtlawyers.com.br\\\/responsabilidade-socioambiental\\\/\",\"url\":\"https:\\\/\\\/www.gtlawyers.com.br\\\/responsabilidade-socioambiental\\\/\",\"name\":\"Responsabilidade Socioambiental | GTLawyers | Escrit\u00f3rio boutique full-service\",\"isPartOf\":{\"@id\":\"https:\\\/\\\/www.gtlawyers.com.br\\\/#website\"},\"primaryImageOfPage\":{\"@id\":\"https:\\\/\\\/www.gtlawyers.com.br\\\/responsabilidade-socioambiental\\\/#primaryimage\"},\"image\":{\"@id\":\"https:\\\/\\\/www.gtlawyers.com.br\\\/responsabilidade-socioambiental\\\/#primaryimage\"},\"thumbnailUrl\":\"https:\\\/\\\/www.gtlawyers.com.br\\\/site\\\/wp-content\\\/uploads\\\/WhatsApp-Image-2025-10-27-at-18.07.27-1024x782.jpeg\",\"datePublished\":\"2025-10-27T21:32:49+00:00\",\"dateModified\":\"2025-11-11T18:25:28+00:00\",\"breadcrumb\":{\"@id\":\"https:\\\/\\\/www.gtlawyers.com.br\\\/responsabilidade-socioambiental\\\/#breadcrumb\"},\"inLanguage\":\"fr-FR\",\"potentialAction\":[{\"@type\":\"ReadAction\",\"target\":[\"https:\\\/\\\/www.gtlawyers.com.br\\\/responsabilidade-socioambiental\\\/\"]}]},{\"@type\":\"ImageObject\",\"inLanguage\":\"fr-FR\",\"@id\":\"https:\\\/\\\/www.gtlawyers.com.br\\\/responsabilidade-socioambiental\\\/#primaryimage\",\"url\":\"https:\\\/\\\/www.gtlawyers.com.br\\\/site\\\/wp-content\\\/uploads\\\/WhatsApp-Image-2025-10-27-at-18.07.27-1024x782.jpeg\",\"contentUrl\":\"https:\\\/\\\/www.gtlawyers.com.br\\\/site\\\/wp-content\\\/uploads\\\/WhatsApp-Image-2025-10-27-at-18.07.27-1024x782.jpeg\"},{\"@type\":\"BreadcrumbList\",\"@id\":\"https:\\\/\\\/www.gtlawyers.com.br\\\/responsabilidade-socioambiental\\\/#breadcrumb\",\"itemListElement\":[{\"@type\":\"ListItem\",\"position\":1,\"name\":\"In\u00edcio\",\"item\":\"https:\\\/\\\/www.gtlawyers.com.br\\\/\"},{\"@type\":\"ListItem\",\"position\":2,\"name\":\"Responsabilidade Socioambiental\"}]},{\"@type\":\"WebSite\",\"@id\":\"https:\\\/\\\/www.gtlawyers.com.br\\\/#website\",\"url\":\"https:\\\/\\\/www.gtlawyers.com.br\\\/\",\"name\":\"GTLawyers | Escrit\u00f3rio boutique full-service\",\"description\":\"Escrit\u00f3rio de advocacia franco-brasileiro para empresas especializado em M&amp;A, direito societ\u00e1rio, tribut\u00e1rio, imobili\u00e1rio, contencioso e compliance\",\"publisher\":{\"@id\":\"https:\\\/\\\/www.gtlawyers.com.br\\\/#organization\"},\"alternateName\":\"GTLawyers\",\"potentialAction\":[{\"@type\":\"SearchAction\",\"target\":{\"@type\":\"EntryPoint\",\"urlTemplate\":\"https:\\\/\\\/www.gtlawyers.com.br\\\/?s={search_term_string}\"},\"query-input\":{\"@type\":\"PropertyValueSpecification\",\"valueRequired\":true,\"valueName\":\"search_term_string\"}}],\"inLanguage\":\"fr-FR\"},{\"@type\":\"Organization\",\"@id\":\"https:\\\/\\\/www.gtlawyers.com.br\\\/#organization\",\"name\":\"GTLawyers - Escrit\u00f3rio boutique full-service\",\"url\":\"https:\\\/\\\/www.gtlawyers.com.br\\\/\",\"logo\":{\"@type\":\"ImageObject\",\"inLanguage\":\"fr-FR\",\"@id\":\"https:\\\/\\\/www.gtlawyers.com.br\\\/#\\\/schema\\\/logo\\\/image\\\/\",\"url\":\"https:\\\/\\\/www.gtlawyers.com.br\\\/site\\\/wp-content\\\/uploads\\\/image-3.png\",\"contentUrl\":\"https:\\\/\\\/www.gtlawyers.com.br\\\/site\\\/wp-content\\\/uploads\\\/image-3.png\",\"width\":166,\"height\":44,\"caption\":\"GTLawyers - Escrit\u00f3rio boutique full-service\"},\"image\":{\"@id\":\"https:\\\/\\\/www.gtlawyers.com.br\\\/#\\\/schema\\\/logo\\\/image\\\/\"},\"sameAs\":[\"https:\\\/\\\/www.linkedin.com\\\/company\\\/gtlawyers\\\/mycompany\\\/\"]}]}<\/script>\n<!-- \/ Yoast SEO plugin. -->","yoast_head_json":{"title":"Responsabilidade Socioambiental | GTLawyers | Escrit\u00f3rio boutique full-service","robots":{"index":"index","follow":"follow","max-snippet":"max-snippet:-1","max-image-preview":"max-image-preview:large","max-video-preview":"max-video-preview:-1"},"canonical":"https:\/\/www.gtlawyers.com.br\/fr\/responsabilidade-socioambiental\/","og_locale":"fr_FR","og_type":"article","og_title":"Responsabilidade Socioambiental | GTLawyers | Escrit\u00f3rio boutique full-service","og_description":"Na GTLawyers, acreditamos que nosso papel vai muito al\u00e9m da esfera jur\u00eddica.Estamos comprometidos ativamente com a promo\u00e7\u00e3o de a\u00e7\u00f5es que contribuam para uma sociedade mais justa e sustent\u00e1vel, integrando a responsabilidade social e ambiental no cerne de nossa cultura e de nossas pr\u00e1ticas di\u00e1rias. Nosso compromisso se reflete em quatro pilares principais: 1. Pro Bono [&hellip;]","og_url":"https:\/\/www.gtlawyers.com.br\/fr\/responsabilidade-socioambiental\/","og_site_name":"GTLawyers | Escrit\u00f3rio boutique full-service","article_modified_time":"2025-11-11T18:25:28+00:00","og_image":[{"width":1280,"height":978,"url":"https:\/\/www.gtlawyers.com.br\/site\/wp-content\/uploads\/WhatsApp-Image-2025-10-27-at-18.07.27.jpeg","type":"image\/jpeg"}],"twitter_card":"summary_large_image","twitter_misc":{"Dur\u00e9e de lecture estim\u00e9e":"5 minutes"},"schema":{"@context":"https:\/\/schema.org","@graph":[{"@type":"WebPage","@id":"https:\/\/www.gtlawyers.com.br\/responsabilidade-socioambiental\/","url":"https:\/\/www.gtlawyers.com.br\/responsabilidade-socioambiental\/","name":"Responsabilidade Socioambiental | GTLawyers | Escrit\u00f3rio boutique full-service","isPartOf":{"@id":"https:\/\/www.gtlawyers.com.br\/#website"},"primaryImageOfPage":{"@id":"https:\/\/www.gtlawyers.com.br\/responsabilidade-socioambiental\/#primaryimage"},"image":{"@id":"https:\/\/www.gtlawyers.com.br\/responsabilidade-socioambiental\/#primaryimage"},"thumbnailUrl":"https:\/\/www.gtlawyers.com.br\/site\/wp-content\/uploads\/WhatsApp-Image-2025-10-27-at-18.07.27-1024x782.jpeg","datePublished":"2025-10-27T21:32:49+00:00","dateModified":"2025-11-11T18:25:28+00:00","breadcrumb":{"@id":"https:\/\/www.gtlawyers.com.br\/responsabilidade-socioambiental\/#breadcrumb"},"inLanguage":"fr-FR","potentialAction":[{"@type":"ReadAction","target":["https:\/\/www.gtlawyers.com.br\/responsabilidade-socioambiental\/"]}]},{"@type":"ImageObject","inLanguage":"fr-FR","@id":"https:\/\/www.gtlawyers.com.br\/responsabilidade-socioambiental\/#primaryimage","url":"https:\/\/www.gtlawyers.com.br\/site\/wp-content\/uploads\/WhatsApp-Image-2025-10-27-at-18.07.27-1024x782.jpeg","contentUrl":"https:\/\/www.gtlawyers.com.br\/site\/wp-content\/uploads\/WhatsApp-Image-2025-10-27-at-18.07.27-1024x782.jpeg"},{"@type":"BreadcrumbList","@id":"https:\/\/www.gtlawyers.com.br\/responsabilidade-socioambiental\/#breadcrumb","itemListElement":[{"@type":"ListItem","position":1,"name":"In\u00edcio","item":"https:\/\/www.gtlawyers.com.br\/"},{"@type":"ListItem","position":2,"name":"Responsabilidade Socioambiental"}]},{"@type":"WebSite","@id":"https:\/\/www.gtlawyers.com.br\/#website","url":"https:\/\/www.gtlawyers.com.br\/","name":"GTLawyers | Escrit\u00f3rio boutique full-service","description":"Escrit\u00f3rio de advocacia franco-brasileiro para empresas especializado em M&amp;A, direito societ\u00e1rio, tribut\u00e1rio, imobili\u00e1rio, contencioso e compliance","publisher":{"@id":"https:\/\/www.gtlawyers.com.br\/#organization"},"alternateName":"GTLawyers","potentialAction":[{"@type":"SearchAction","target":{"@type":"EntryPoint","urlTemplate":"https:\/\/www.gtlawyers.com.br\/?s={search_term_string}"},"query-input":{"@type":"PropertyValueSpecification","valueRequired":true,"valueName":"search_term_string"}}],"inLanguage":"fr-FR"},{"@type":"Organization","@id":"https:\/\/www.gtlawyers.com.br\/#organization","name":"GTLawyers - Escrit\u00f3rio boutique full-service","url":"https:\/\/www.gtlawyers.com.br\/","logo":{"@type":"ImageObject","inLanguage":"fr-FR","@id":"https:\/\/www.gtlawyers.com.br\/#\/schema\/logo\/image\/","url":"https:\/\/www.gtlawyers.com.br\/site\/wp-content\/uploads\/image-3.png","contentUrl":"https:\/\/www.gtlawyers.com.br\/site\/wp-content\/uploads\/image-3.png","width":166,"height":44,"caption":"GTLawyers - Escrit\u00f3rio boutique full-service"},"image":{"@id":"https:\/\/www.gtlawyers.com.br\/#\/schema\/logo\/image\/"},"sameAs":["https:\/\/www.linkedin.com\/company\/gtlawyers\/mycompany\/"]}]}},"_links":{"self":[{"href":"https:\/\/www.gtlawyers.com.br\/fr\/wp-json\/wp\/v2\/pages\/2038","targetHints":{"allow":["GET"]}}],"collection":[{"href":"https:\/\/www.gtlawyers.com.br\/fr\/wp-json\/wp\/v2\/pages"}],"about":[{"href":"https:\/\/www.gtlawyers.com.br\/fr\/wp-json\/wp\/v2\/types\/page"}],"author":[{"embeddable":true,"href":"https:\/\/www.gtlawyers.com.br\/fr\/wp-json\/wp\/v2\/users\/8"}],"replies":[{"embeddable":true,"href":"https:\/\/www.gtlawyers.com.br\/fr\/wp-json\/wp\/v2\/comments?post=2038"}],"version-history":[{"count":12,"href":"https:\/\/www.gtlawyers.com.br\/fr\/wp-json\/wp\/v2\/pages\/2038\/revisions"}],"predecessor-version":[{"id":2081,"href":"https:\/\/www.gtlawyers.com.br\/fr\/wp-json\/wp\/v2\/pages\/2038\/revisions\/2081"}],"wp:attachment":[{"href":"https:\/\/www.gtlawyers.com.br\/fr\/wp-json\/wp\/v2\/media?parent=2038"}],"curies":[{"name":"wp","href":"https:\/\/api.w.org\/{rel}","templated":true}]}}